{"id":3422,"date":"2025-01-18T13:51:47","date_gmt":"2025-01-18T13:51:47","guid":{"rendered":"https:\/\/jeklin.cloudmaple.com\/exhibitions\/"},"modified":"2026-02-13T10:56:07","modified_gmt":"2026-02-13T10:56:07","slug":"exhibitions","status":"publish","type":"page","link":"https:\/\/jolandajeklin.com\/en\/exhibitions\/","title":{"rendered":"Exhibitions"},"content":{"rendered":"<h1>Exhibitions<\/h1>\n<h2>Upcoming Exhibitions<\/h2>\n<p>Check out my upcoming exhibitions and join me in the world of art.<\/p>\n<h2>Past Exhibitions<\/h2>\n<p>Below you&#8217;ll find a list of my past exhibitions and events.<\/p>\n<p><strong>Exhibitions<\/strong><strong> <\/strong><\/p>\n<ul>\n<li>2007 <em>Intensywno\u015b\u0107<\/em>, Pa\u0142ac Kultury i Nauki w Warszawie, pod patronatem Ambasady S\u0142owenii<\/li>\n<li>2007 <em>Taniec<\/em>, projekcja wideo w Domu Kultury <em>Kamnik<\/em>, Kotlovnica, S\u0142owenia<\/li>\n<li>2008 <em>Abstrakcja<\/em>, Dw\u00f3r Artusa, Gda\u0144sk, w ramach projektu <em>S\u0142owenia nad <\/em><em>Ba\u0142tykiem<\/em><\/li>\n<li>2010 <em>Odbicie chwili<\/em>, Galeria Polfa, \u0141\u00f3d\u017a<\/li>\n<li>2013 \u00ad <em>Portret<\/em>, kilkumiesieczny pokaz Galeria Sztuki Lawenda Cafe, Gdynia<\/li>\n<li>2013 <em>Wspomienia lata<\/em>, Galeria Sztuki Lawenda Cafe, Gdynia<\/li>\n<li>2015 <em>Mandala City, <\/em>Ambasada Republiki S\u0142owenii, Berlin<\/li>\n<li>2015 <em>Nasze Spojzenia<\/em>, ,,W dialogu\u2019\u2019 Galeria Pro Arte, Zielona G\u00f3ra<\/li>\n<li>2015 <em>Tranformacja<\/em>, obrona magisterska, Galeria Artoteki Grafiki, Zielona G\u00f3ra<\/li>\n<li>2015 <em>Sound of Colours, <\/em>Galeria 8+ Warszawa<\/li>\n<li>2016 <em>Rytm i \u015awiat\u0142o<\/em>, \u017bywa Galeria, Artbistro Stalowa, Warszawa<\/li>\n<li>2022 Galaktyczne Ma[nda]lovanie, Lysy Pingwin, Galeria Przechodnia, Warszawa <\/li>\n<li>2023 Wysokie Wibracje, Galeria Metamorfozy, Warszawa<\/li>\n<\/ul>\n<p><strong>Collective exhibitions<\/strong><\/p>\n<ul>\n<li><strong> <\/strong>2001 Borki, aukcja w ramach Weekendu Kultury S\u0142owe\u0144skiej <\/li>\n<li>2010 <em>Nadrzecze<\/em>, wystawa poplenerowa Galeria Marek, Warszawa<\/li>\n<li>2012 <em>Sense &amp; Simplicity event<\/em>, akcja malowania na \u017cywo, Philips, Warszawa<\/li>\n<li>2012 <em>Kolor Niebieski<\/em>, Galeria Zau\u0142ek smak\u00f3w, Warszawa <\/li>\n<li>2014 <em>Charytatywna Aukcja Sztuki Wsp\u00f3\u0142czesnej<\/em>, Galeria 8+, Warszawa<\/li>\n<li>2014 <em>Dzie\u0144 kobiet<\/em>, Galeria PWW, Zielona G\u00f3ra, kurator prof. Magdalena Gryska  <\/li>\n<li>2014 <em>Bia\u0142e jest pi\u0119kne<\/em>, Galeria Mrowisko\/Animacja Kultury, Zielona G\u00f3ra<\/li>\n<li>2014 <em>Tr\u00f3jk\u0105ty i kwadraty<\/em>, Muzeum Regionalne w Kutnie, kurator prof. Magdalena Gryska <\/li>\n<li>2015 <em>Giartino-Ogr\u00f3d sztuki, <\/em>Galeria nad Wis\u0142\u0105, Toru\u0144<\/li>\n<li>2015 <em>Wyb\u00f3r, <\/em>Galeria CkiS ,,Wie\u017ca Ci\u015bnie\u0144, Konin<\/li>\n<li>2015  <em>Heimat. Eine. Eine Hommage  <\/em>, Galerie Drei, Dresden<\/li>\n<li>2015 <em>Wsp\u00f3\u0142czesna Sztuka Polska,<\/em> Helsinki<\/li>\n<li>2015 <em>M\u0142ode pokolenie Tw\u00f3rc\u00f3w<\/em>, Galeria 8+ Warszawa<\/li>\n<li>2015 <em>Kunstspielkarten, <\/em>Galerie Drei, Dresden<\/li>\n<li>2016 <em>Art for Peace, <\/em>Galeria 8+ Warszawa<\/li>\n<li>2016 <em>Art festiwal Beacon <\/em>NY open studios<\/li>\n<li>2016 <em>Moderne Zeiten, Kunstraum, <\/em>Dresden<\/li>\n<li>2016 <em>Trzy Wymiary, <\/em>Galeria DAP, Warszawa<\/li>\n<li>2016 <em>Kola\u017c-Asambla\u017c , <\/em>BWA Olkusz<\/li>\n<li> 2017 Village Ladies, Mestni Muzej, Ljubljana<\/li>\n<li>2017 Eviva\u2019 I\u2019Arte, Galeria U, Warszawa<\/li>\n<li>2017 Wizje, Galeria DAP, Warszawa<\/li>\n<li> 2017 Grafiteka, Galeria DAP, Warszawa<\/li>\n<li>2017 Art. Je m\u00f3j kruh, Galerija DLUL, Ljubljana <\/li>\n<li>2019 Obraz z pracowni, Galeria, DAP, Warszawa<\/li>\n<li>2021 Art InSpire vol.3, myhive Warsaw Spire, Galeria Przechodnia,Warszawa<\/li>\n<li>2021 Malarstwo, Galeria DAP, Warszawa<\/li>\n<li>2021 Positive Art., Galeria DAP, Warszawa<\/li>\n<li>2021 Grafiteka 2020\/ 2021, Galeria DAP, Warszawa<\/li>\n<li>2021 Art InSpire vol.4, myhive Warsaw Spire, Galeria Przechodnia,Warszawa<\/li>\n<li>2021 Zimski Salon, Galeria ZDSLU, Ljubljana<\/li>\n<li>2022 Wystawa Malarstwa I, Poliester Cafe, Galeria Przechodnia, Warszawa<\/li>\n<li>2022 Majski Salon, Modra Crta, Galerija Kibla Portal, Maribor, Slovenija<\/li>\n<li>2022 Wystawa Malarstwa II, Poliester Cafe, Galeria Przechodnia, Warszawa<\/li>\n<li>2022 Teleportation 1, Art Postcard\/ Poland 2022, Galeria DAP Warszawa, A_Galeria, Siedlce<\/li>\n<li>2022 Przegl\u0105d Tw\u00f3rczo\u015bci Malarzy, Galeria DAP, Warszawa<\/li>\n<li>2022 Ma\u0142a Forma 2, Mi\u0119dzynarodowy przegl\u0105d sztuki, Klubokawiarnia Ja\u015b i<\/li>\n<li>2022 PositiveArt, Jasna Strona Romantyzmu, Galeria DAP, Warszawa<\/li>\n<li>2022 Bienal Mundial de Artes Visuales 2022<\/li>\n<li>2022 Jaipur Art. Carnival, Saudharsam Art. Gallery, Jaipur  <\/li>\n<li>2023 Delhi Art. Carnival, The Stainless Art. Gallery, Delhi, Indie  <\/li>\n<li>2023 Ortedumiihraf, International rewiew of contemporary art., Galeria Us\u0142ug, Olsztyn<\/li>\n<li>2023 Dotyk Tkaniny we wn\u0119trzu, Galeria Lufcik, Warszawa<\/li>\n<li>2023 Majski Salon, Misterij GEA, Galeria Media, Zagorje ob Savi, Slovenia<\/li>\n<li>2023 Salon DAP 2023, Galeria DAP, Warszawa<\/li>\n<li>2023 Look &amp; See, Przegl\u0105d sztuki wsp\u00f3\u0142czesnej, Kamienica Sikorskiego 49, Zielona G\u00f3ra<\/li>\n<li>2023 PositiveArt 50 lat Nagrody im.Jana Cybisa, Galeria DAP, Warszawa<\/li>\n<li>2023 Piktografikon, Wystawa Miniatury i Exlibrisu 2023, Galeria DAP 3, Warszawa<\/li>\n<li>2023 Ma\u0142a Forma 3, Mi\u0119dzynarodowy przegl\u0105d sztuki, Klubokawiarnia Ja\u015b i Ma\u0142gosia<\/li>\n<li>2023, Zimski salon ZDSLU<\/li>\n<li>2024 Artumiifredum, Galeria Refektarz Koroszyn<\/li>\n<li>2024 Salon 2024, Karnawa\u0142 Kolor\u00f3w, Galeria DAP Warszawa<\/li>\n<li>2024 Kiodygresy 4, Mi\u0119dzynarodowy Przegl\u0105d Sztuki Wsp\u00f3\u0142czesnej, Galeria Stary Ratusz, Olsztyn<\/li>\n<li>2024, Ortedumiihraf 2, Mi\u0119dzynarodowa wystawa szuki wsp\u00f3\u0142czesnej, Galeria Us\u0142uga Jazz Bar, Olsztyn<\/li>\n<li>2024 PositiveArt, 80. Rocznica Powstania Warszawskiego <\/li>\n<li>2024 Ma\u0142a Forma 4, Klubokawiarnia Ja\u015b i Ma\u0142gosia, Warszawa<\/li>\n<li>2025 Magia \u015awiat\u0142a, Galeria DAP, Warszawa<\/li>\n<li>2025 Ortedumiihraf 3, Mi\u0119dzynarodowa wystawa szuki wsp\u00f3\u0142czesnej, Galeria Us\u0142uga Jazz Bar, Olsztyn<\/li>\n<li>2025 Galaktyczne Oceany, Galeria Delfiny, Noc Muze\u00f3w, Warszawa<\/li>\n<li>2025 Syntora:Art, wystawa malarstwa wsp\u00f3\u0142czesnego, Galeria sztuki Miejska Biblioteka w Limanowej<\/li>\n<\/ul>\n<p><strong>Post-competition exhibitions and distinctions<\/strong><strong> <\/strong><\/p>\n<ul>\n<li>2013 <em>VII Mi\u0119dzynarodowe Biennale Malarstwa i Tkaniny,<\/em> Muzeum Miasta Gdyni<\/li>\n<li>2014 <em>Barwy morza<\/em>, Fregata Dar Pomorza, Gdynia<\/li>\n<li>2014  <em>Fina\u0142 Grand Prix im. Franciszki Eibisch <\/em>, Galeria Sztuki Katarzyny Napi\u00f3rkowskiej, Warszawa <\/li>\n<li>2015 <em>Malarstwo Dyplomy 2015<\/em>, Galeria Biblioteki Uniwersyteckiej, Zielona G\u00f3ra<\/li>\n<li>2022 Witkacy pod strzechy, 25. Mi\u0119dzynarodowy Konkurs, S\u0142upsk <\/li>\n<\/ul>\n","protected":false},"excerpt":{"rendered":"<p>Exhibitions Upcoming Exhibitions Check out my upcoming exhibitions and join me in the world of art. Past Exhibitions Below you&#8217;ll find a list of my past exhibitions and events. Exhibitions 2007 Intensywno\u015b\u0107, Pa\u0142ac Kultury i Nauki w Warszawie, pod patronatem Ambasady S\u0142owenii 2007 Taniec, projekcja wideo w Domu Kultury Kamnik, Kotlovnica, S\u0142owenia 2008 Abstrakcja, Dw\u00f3r [&hellip;]<\/p>\n","protected":false},"author":1,"featured_media":0,"parent":0,"menu_order":0,"comment_status":"closed","ping_status":"closed","template":"","meta":{"_acf_changed":false,"inline_featured_image":false,"site-sidebar-layout":"no-sidebar","site-content-layout":"page-builder","ast-site-content-layout":"full-width-container","site-content-style":"unboxed","site-sidebar-style":"unboxed","ast-global-header-display":"","ast-banner-title-visibility":"","ast-main-header-display":"","ast-hfb-above-header-display":"","ast-hfb-below-header-display":"","ast-hfb-mobile-header-display":"","site-post-title":"disabled","ast-breadcrumbs-content":"disabled","ast-featured-img":"disabled","footer-sml-layout":"","ast-disable-related-posts":"","theme-transparent-header-meta":"enabled","adv-header-id-meta":"","stick-header-meta":"","header-above-stick-meta":"","header-main-stick-meta":"","header-below-stick-meta":"","astra-migrate-meta-layouts":"default","ast-page-background-enabled":"default","ast-page-background-meta":{"desktop":{"background-color":"","background-image":"","background-repeat":"repeat","background-position":"center center","background-size":"auto","background-attachment":"scroll","background-type":"","background-media":"","overlay-type":"","overlay-color":"","overlay-opacity":"","overlay-gradient":""},"tablet":{"background-color":"","background-image":"","background-repeat":"repeat","background-position":"center center","background-size":"auto","background-attachment":"scroll","background-type":"","background-media":"","overlay-type":"","overlay-color":"","overlay-opacity":"","overlay-gradient":""},"mobile":{"background-color":"","background-image":"","background-repeat":"repeat","background-position":"center center","background-size":"auto","background-attachment":"scroll","background-type":"","background-media":"","overlay-type":"","overlay-color":"","overlay-opacity":"","overlay-gradient":""}},"ast-content-background-meta":{"desktop":{"background-color":"var(--ast-global-color-5)","background-image":"","background-repeat":"repeat","background-position":"center center","background-size":"auto","background-attachment":"scroll","background-type":"","background-media":"","overlay-type":"","overlay-color":"","overlay-opacity":"","overlay-gradient":""},"tablet":{"background-color":"var(--ast-global-color-5)","background-image":"","background-repeat":"repeat","background-position":"center center","background-size":"auto","background-attachment":"scroll","background-type":"","background-media":"","overlay-type":"","overlay-color":"","overlay-opacity":"","overlay-gradient":""},"mobile":{"background-color":"var(--ast-global-color-5)","background-image":"","background-repeat":"repeat","background-position":"center center","background-size":"auto","background-attachment":"scroll","background-type":"","background-media":"","overlay-type":"","overlay-color":"","overlay-opacity":"","overlay-gradient":""}},"footnotes":""},"class_list":["post-3422","page","type-page","status-publish","hentry"],"acf":[],"yoast_head":"<!-- This site is optimized with the Yoast SEO plugin v27.1.1 - https:\/\/yoast.com\/product\/yoast-seo-wordpress\/ -->\n<title>Exhibitions - Jolanda Jeklin<\/title>\n<meta name=\"robots\" content=\"index, follow, max-snippet:-1, max-image-preview:large, max-video-preview:-1\" \/>\n<link rel=\"canonical\" href=\"https:\/\/jolandajeklin.com\/en\/exhibitions\/\" \/>\n<meta property=\"og:locale\" content=\"en_US\" \/>\n<meta property=\"og:type\" content=\"article\" \/>\n<meta property=\"og:title\" content=\"Exhibitions - Jolanda Jeklin\" \/>\n<meta property=\"og:description\" content=\"Exhibitions Upcoming Exhibitions Check out my upcoming exhibitions and join me in the world of art. Past Exhibitions Below you&#8217;ll find a list of my past exhibitions and events. Exhibitions 2007 Intensywno\u015b\u0107, Pa\u0142ac Kultury i Nauki w Warszawie, pod patronatem Ambasady S\u0142owenii 2007 Taniec, projekcja wideo w Domu Kultury Kamnik, Kotlovnica, S\u0142owenia 2008 Abstrakcja, Dw\u00f3r [&hellip;]\" \/>\n<meta property=\"og:url\" content=\"https:\/\/jolandajeklin.com\/en\/exhibitions\/\" \/>\n<meta property=\"og:site_name\" content=\"Jolanda Jeklin\" \/>\n<meta property=\"article:modified_time\" content=\"2026-02-13T10:56:07+00:00\" \/>\n<meta property=\"og:image\" content=\"https:\/\/jolandajeklin.com\/wp-content\/uploads\/2024\/05\/logo-trans-jolanda-jeklin-name2.png\" \/>\n\t<meta property=\"og:image:width\" content=\"340\" \/>\n\t<meta property=\"og:image:height\" content=\"104\" \/>\n\t<meta property=\"og:image:type\" content=\"image\/png\" \/>\n<meta name=\"twitter:card\" content=\"summary_large_image\" \/>\n<meta name=\"twitter:label1\" content=\"Est. reading time\" \/>\n\t<meta name=\"twitter:data1\" content=\"3 minutes\" \/>\n<script type=\"application\/ld+json\" class=\"yoast-schema-graph\">{\"@context\":\"https:\/\/schema.org\",\"@graph\":[{\"@type\":\"WebPage\",\"@id\":\"https:\/\/jolandajeklin.com\/en\/exhibitions\/\",\"url\":\"https:\/\/jolandajeklin.com\/en\/exhibitions\/\",\"name\":\"Exhibitions - Jolanda Jeklin\",\"isPartOf\":{\"@id\":\"https:\/\/jolandajeklin.com\/en\/#website\"},\"datePublished\":\"2025-01-18T13:51:47+00:00\",\"dateModified\":\"2026-02-13T10:56:07+00:00\",\"breadcrumb\":{\"@id\":\"https:\/\/jolandajeklin.com\/en\/exhibitions\/#breadcrumb\"},\"inLanguage\":\"en-US\",\"potentialAction\":[{\"@type\":\"ReadAction\",\"target\":[\"https:\/\/jolandajeklin.com\/en\/exhibitions\/\"]}]},{\"@type\":\"BreadcrumbList\",\"@id\":\"https:\/\/jolandajeklin.com\/en\/exhibitions\/#breadcrumb\",\"itemListElement\":[{\"@type\":\"ListItem\",\"position\":1,\"name\":\"Home\",\"item\":\"https:\/\/jolandajeklin.com\/en\/\"},{\"@type\":\"ListItem\",\"position\":2,\"name\":\"Exhibitions\"}]},{\"@type\":\"WebSite\",\"@id\":\"https:\/\/jolandajeklin.com\/en\/#website\",\"url\":\"https:\/\/jolandajeklin.com\/en\/\",\"name\":\"Jolanda Jeklin\",\"description\":\"artysta malarz\",\"publisher\":{\"@id\":\"https:\/\/jolandajeklin.com\/en\/#\/schema\/person\/da5f829de8f99b51edbf2dff0839488d\"},\"potentialAction\":[{\"@type\":\"SearchAction\",\"target\":{\"@type\":\"EntryPoint\",\"urlTemplate\":\"https:\/\/jolandajeklin.com\/en\/?s={search_term_string}\"},\"query-input\":{\"@type\":\"PropertyValueSpecification\",\"valueRequired\":true,\"valueName\":\"search_term_string\"}}],\"inLanguage\":\"en-US\"},{\"@type\":[\"Person\",\"Organization\"],\"@id\":\"https:\/\/jolandajeklin.com\/en\/#\/schema\/person\/da5f829de8f99b51edbf2dff0839488d\",\"name\":\"Jolanda Jeklin\",\"image\":{\"@type\":\"ImageObject\",\"inLanguage\":\"en-US\",\"@id\":\"https:\/\/jolandajeklin.com\/en\/#\/schema\/person\/image\/\",\"url\":\"https:\/\/jolandajeklin.com\/wp-content\/uploads\/2025\/12\/logo-trans-jolanda-jeklin-name4.png\",\"contentUrl\":\"https:\/\/jolandajeklin.com\/wp-content\/uploads\/2025\/12\/logo-trans-jolanda-jeklin-name4.png\",\"width\":680,\"height\":210,\"caption\":\"Jolanda Jeklin\"},\"logo\":{\"@id\":\"https:\/\/jolandajeklin.com\/en\/#\/schema\/person\/image\/\"}}]}<\/script>\n<!-- \/ Yoast SEO plugin. -->","yoast_head_json":{"title":"Exhibitions - Jolanda Jeklin","robots":{"index":"index","follow":"follow","max-snippet":"max-snippet:-1","max-image-preview":"max-image-preview:large","max-video-preview":"max-video-preview:-1"},"canonical":"https:\/\/jolandajeklin.com\/en\/exhibitions\/","og_locale":"en_US","og_type":"article","og_title":"Exhibitions - Jolanda Jeklin","og_description":"Exhibitions Upcoming Exhibitions Check out my upcoming exhibitions and join me in the world of art. Past Exhibitions Below you&#8217;ll find a list of my past exhibitions and events. Exhibitions 2007 Intensywno\u015b\u0107, Pa\u0142ac Kultury i Nauki w Warszawie, pod patronatem Ambasady S\u0142owenii 2007 Taniec, projekcja wideo w Domu Kultury Kamnik, Kotlovnica, S\u0142owenia 2008 Abstrakcja, Dw\u00f3r [&hellip;]","og_url":"https:\/\/jolandajeklin.com\/en\/exhibitions\/","og_site_name":"Jolanda Jeklin","article_modified_time":"2026-02-13T10:56:07+00:00","og_image":[{"width":340,"height":104,"url":"https:\/\/jolandajeklin.com\/wp-content\/uploads\/2024\/05\/logo-trans-jolanda-jeklin-name2.png","type":"image\/png"}],"twitter_card":"summary_large_image","twitter_misc":{"Est. reading time":"3 minutes"},"schema":{"@context":"https:\/\/schema.org","@graph":[{"@type":"WebPage","@id":"https:\/\/jolandajeklin.com\/en\/exhibitions\/","url":"https:\/\/jolandajeklin.com\/en\/exhibitions\/","name":"Exhibitions - Jolanda Jeklin","isPartOf":{"@id":"https:\/\/jolandajeklin.com\/en\/#website"},"datePublished":"2025-01-18T13:51:47+00:00","dateModified":"2026-02-13T10:56:07+00:00","breadcrumb":{"@id":"https:\/\/jolandajeklin.com\/en\/exhibitions\/#breadcrumb"},"inLanguage":"en-US","potentialAction":[{"@type":"ReadAction","target":["https:\/\/jolandajeklin.com\/en\/exhibitions\/"]}]},{"@type":"BreadcrumbList","@id":"https:\/\/jolandajeklin.com\/en\/exhibitions\/#breadcrumb","itemListElement":[{"@type":"ListItem","position":1,"name":"Home","item":"https:\/\/jolandajeklin.com\/en\/"},{"@type":"ListItem","position":2,"name":"Exhibitions"}]},{"@type":"WebSite","@id":"https:\/\/jolandajeklin.com\/en\/#website","url":"https:\/\/jolandajeklin.com\/en\/","name":"Jolanda Jeklin","description":"artysta malarz","publisher":{"@id":"https:\/\/jolandajeklin.com\/en\/#\/schema\/person\/da5f829de8f99b51edbf2dff0839488d"},"potentialAction":[{"@type":"SearchAction","target":{"@type":"EntryPoint","urlTemplate":"https:\/\/jolandajeklin.com\/en\/?s={search_term_string}"},"query-input":{"@type":"PropertyValueSpecification","valueRequired":true,"valueName":"search_term_string"}}],"inLanguage":"en-US"},{"@type":["Person","Organization"],"@id":"https:\/\/jolandajeklin.com\/en\/#\/schema\/person\/da5f829de8f99b51edbf2dff0839488d","name":"Jolanda Jeklin","image":{"@type":"ImageObject","inLanguage":"en-US","@id":"https:\/\/jolandajeklin.com\/en\/#\/schema\/person\/image\/","url":"https:\/\/jolandajeklin.com\/wp-content\/uploads\/2025\/12\/logo-trans-jolanda-jeklin-name4.png","contentUrl":"https:\/\/jolandajeklin.com\/wp-content\/uploads\/2025\/12\/logo-trans-jolanda-jeklin-name4.png","width":680,"height":210,"caption":"Jolanda Jeklin"},"logo":{"@id":"https:\/\/jolandajeklin.com\/en\/#\/schema\/person\/image\/"}}]}},"_links":{"self":[{"href":"https:\/\/jolandajeklin.com\/en\/wp-json\/wp\/v2\/pages\/3422","targetHints":{"allow":["GET"]}}],"collection":[{"href":"https:\/\/jolandajeklin.com\/en\/wp-json\/wp\/v2\/pages"}],"about":[{"href":"https:\/\/jolandajeklin.com\/en\/wp-json\/wp\/v2\/types\/page"}],"author":[{"embeddable":true,"href":"https:\/\/jolandajeklin.com\/en\/wp-json\/wp\/v2\/users\/1"}],"replies":[{"embeddable":true,"href":"https:\/\/jolandajeklin.com\/en\/wp-json\/wp\/v2\/comments?post=3422"}],"version-history":[{"count":1,"href":"https:\/\/jolandajeklin.com\/en\/wp-json\/wp\/v2\/pages\/3422\/revisions"}],"predecessor-version":[{"id":3997,"href":"https:\/\/jolandajeklin.com\/en\/wp-json\/wp\/v2\/pages\/3422\/revisions\/3997"}],"wp:attachment":[{"href":"https:\/\/jolandajeklin.com\/en\/wp-json\/wp\/v2\/media?parent=3422"}],"curies":[{"name":"wp","href":"https:\/\/api.w.org\/{rel}","templated":true}]}}